{"id":32,"date":"2012-06-14T14:57:01","date_gmt":"2012-06-14T12:57:01","guid":{"rendered":"http:\/\/www.paulinamihai.de\/?page_id=32"},"modified":"2024-09-07T09:23:54","modified_gmt":"2024-09-07T07:23:54","slug":"exhibitons","status":"publish","type":"page","link":"http:\/\/www.paulinamihai.de\/?page_id=32","title":{"rendered":"Exhibitions"},"content":{"rendered":"<p><strong>Exhibitions (Solo). Expositions personnelles. Einzelausstellungen<\/strong><\/p>\n<p><img loading=\"lazy\" decoding=\"async\" class=\"alignnone wp-image-559\" src=\"http:\/\/www.paulinamihai.de\/wp-content\/uploads\/2012\/06\/Riberaygua2.jpg\" alt=\"Riberaygua2\" width=\"521\" height=\"454\" srcset=\"http:\/\/www.paulinamihai.de\/wp-content\/uploads\/2012\/06\/Riberaygua2.jpg 436w, http:\/\/www.paulinamihai.de\/wp-content\/uploads\/2012\/06\/Riberaygua2-300x261.jpg 300w\" sizes=\"auto, (max-width: 521px) 100vw, 521px\" \/><\/p>\n<p><img loading=\"lazy\" decoding=\"async\" class=\"alignnone wp-image-556\" src=\"http:\/\/www.paulinamihai.de\/wp-content\/uploads\/2012\/06\/Riberaygua1.jpg\" alt=\"\" width=\"520\" height=\"434\" srcset=\"http:\/\/www.paulinamihai.de\/wp-content\/uploads\/2012\/06\/Riberaygua1.jpg 455w, http:\/\/www.paulinamihai.de\/wp-content\/uploads\/2012\/06\/Riberaygua1-300x250.jpg 300w\" sizes=\"auto, (max-width: 520px) 100vw, 520px\" \/><\/p>\n<p>2024<br \/>Cat\u2019Art, Centre d&#8217;Art Contemporain, Sainte-Colombe-sur-l&#8217;Her . fr<br \/>2019<br \/>Cat&#8217;Art, Centre d&#8217;Art Contemporain \/ Pilar Riberaygua<br \/>Sainte Colombe sur l&#8217;Hers, France . fr<br \/>2017<br \/>Open Studio, Haus der Dorothea Konwiarz Stiftung, Berlin . de<br \/>2016<br \/>Open \u00a0Studio (Gallery Weekend), Berlin . de<br \/>2012<br \/>Galerie d\u2019Art Pilar Riberaygua, Andorra La Vella . ad<br \/>2010<br \/>Embassy of Romania, Berlin . de<br \/>2009<br \/>10 Jahre Rum\u00e4nisches Kulturinstitut Berlin: Ignat 22. Eine Installation.<br \/>Rum\u00e4nisches Kulturinstitut Titu Maiorescu, Berlin . de<\/p>\n<p><img loading=\"lazy\" decoding=\"async\" class=\"alignnone size-full wp-image-409\" title=\"Photo: \u00a9 Paulina Mihai. Galeria d\u2019Art Pilar Riberaygua, Andorra La Vella, 2009\" src=\"http:\/\/www.paulinamihai.de\/wp-content\/uploads\/2012\/06\/Expo_Andorra2009_1.jpg\" alt=\"\" width=\"250\" height=\"188\" \/><\/p>\n<p>Galerie d\u2019Art Pilar Riberaygua, Andorra La Vella . ad<br \/>2004<br \/>L\u2019Espace Pilar Riberaygua, Centre d\u2019Art Contemporain, Cat\u2019Art<br \/>Sainte-Colombe-sur-l&#8217;Her . fr<br \/>Metamorphose einer Landschaft,<br \/>Rum\u00e4nisches Kulturinstitut Titu Maiorescu, Berlin . de<br \/>2003<br \/>Galerie d\u2019Art Pilar Riberaygua, Andorra La Vella . ad<br \/>2001<br \/>Romanian Cultural Institut Titu Maiorescu, Berlin . de<br \/>Condat Galerie, Berlin .de<br \/>Galeria Les Punxes, Barcelona . es<br \/>2000<br \/>Galerie Klaus Braun, Stuttgart . de<br \/>Romanian Cultural Institut Titu Maiorescu, Berlin . de<br \/>1999<br \/>East-West-Gallery \/ Romanian Cultural Center, New York .us<\/p>\n<p><img loading=\"lazy\" decoding=\"async\" class=\"alignnone wp-image-202\" title=\"Photo: \u00a9 Paulina Mihai. Galeria d\u2019Art Pilar Riberaygua, Andorra La Vella, 1999\" src=\"http:\/\/www.paulinamihai.de\/wp-content\/uploads\/2012\/06\/galerie01.jpg\" alt=\"\" width=\"250\" height=\"181\" \/><\/p>\n<p>Galeria d\u2019Art Pilar Riberaygua, Andorra La Vella . ad<br \/>1998<br \/>Galerie Stil + Bruch, Berlin. de<\/p>\n<p><img loading=\"lazy\" decoding=\"async\" class=\"alignnone wp-image-208\" title=\"Photo: \u00a9 Paulina Mihai. Aus dem Feuer, Galerie Stil + Bruch, Berlin 1998\" src=\"http:\/\/www.paulinamihai.de\/wp-content\/uploads\/2012\/06\/galerie03.jpg\" alt=\"\" width=\"250\" height=\"171\" \/><\/p>\n<p>Aus dem Feuer, Galerie Stil + Bruch, Berlin . de<br \/>1997<br \/>Nuklearmedizin Behring Krankenhaus, Berlin . de<br \/>Nuklearmedizin Lungenklinik Heckeshorn, Berlin . de<br \/>1995<br \/>Studio bildende Kunst (Baumschulenweg), Berlin . de<\/p>\n<p><a href=\"http:\/\/www.paulinamihai.de\/wp-content\/uploads\/2015\/04\/1995-Studio-bildende-Kunst-Baumschulenweg.jpg\"><img loading=\"lazy\" decoding=\"async\" class=\" wp-image-1098 alignnone\" title=\"1995, Studio bildende Kunst Baumschulenweg, Berlin\" src=\"http:\/\/www.paulinamihai.de\/wp-content\/uploads\/2015\/04\/1995-Studio-bildende-Kunst-Baumschulenweg.jpg\" alt=\"1995 Studio bildende Kunst Baumschulenweg\" width=\"250\" height=\"166\" srcset=\"http:\/\/www.paulinamihai.de\/wp-content\/uploads\/2015\/04\/1995-Studio-bildende-Kunst-Baumschulenweg.jpg 800w, http:\/\/www.paulinamihai.de\/wp-content\/uploads\/2015\/04\/1995-Studio-bildende-Kunst-Baumschulenweg-300x200.jpg 300w\" sizes=\"auto, (max-width: 250px) 100vw, 250px\" \/><\/a><\/p>\n<p>Galeria Era Baur\u00f3, Andorra La Vella . ad<br \/>Studio d&#8217;Arte Due, Venezia . it<br \/>(Supported by Senatsverwaltung f\u00fcr Kulturelle Angelegenheiten)<br \/>1994<br \/>Galerie Stil + Bruch, Berlin . de<br \/>(Supported by Senatsverwaltung f\u00fcr Kulturelle Angelegenheiten)<br \/>La Maison du Chevalier<br \/>Centre Regional Art\/Culture\/Communication<br \/>Languedoc Roussillon, Carcassonne . fr<br \/>Galerie im PTZ, Produktionstechnisches Zentrum, Berlin . de<br \/>1989<br \/>Galerie Klaus Braun, Stuttgart . de<br \/>1988<br \/>Berliner Kabelprogramme + Galerie Edition Schoen, Berlin . de<br \/>1985<br \/>DIN Galerie, Berlin . de<br \/>1984<br \/>Galerie auf Zeit, Berlin . de<br \/>Galerie Nalepa, Berlin . de<br \/>Schering Kunstverein, Berlin . de<br \/>1981<br \/>Galerie Ars Viva, Berlin . de<br \/>L&#8217;accademia di Romania, Roma . it<br \/>1979<br \/>Galerie Simeza, Bucarest . ro<br \/>1975<br \/>Galerie Simeza, with Mihai Mihai (1942-1975), sculptor, Bucarest . ro<\/p>\n<p><strong>Exhibitions (Group). Expositions collectives. Ausstellungsbeteiligungen<\/strong><\/p>\n<p>2024<br \/>Galeria d\u2019Art Pilar Riberaygua, Andorra La Vella . ad<br \/>2023<br \/>Grisebach, Berlin . de<br \/>Werke aus der Kunstsammlung der Schering Stiftung<\/p>\n<p><img loading=\"lazy\" decoding=\"async\" class=\"alignnone  wp-image-1982\" src=\"http:\/\/www.paulinamihai.de\/wp-content\/uploads\/2023\/02\/2023_02_10_Paulina-Mihai-Komposition-1984-Mischtechnik-auf-Papier-207-x-157-cm.jpg\" alt=\"\" width=\"375\" height=\"500\" srcset=\"http:\/\/www.paulinamihai.de\/wp-content\/uploads\/2023\/02\/2023_02_10_Paulina-Mihai-Komposition-1984-Mischtechnik-auf-Papier-207-x-157-cm.jpg 800w, http:\/\/www.paulinamihai.de\/wp-content\/uploads\/2023\/02\/2023_02_10_Paulina-Mihai-Komposition-1984-Mischtechnik-auf-Papier-207-x-157-cm-225x300.jpg 225w, http:\/\/www.paulinamihai.de\/wp-content\/uploads\/2023\/02\/2023_02_10_Paulina-Mihai-Komposition-1984-Mischtechnik-auf-Papier-207-x-157-cm-768x1024.jpg 768w\" sizes=\"auto, (max-width: 375px) 100vw, 375px\" \/><\/p>\n<p>2019<br \/>Presentaci\u00f3 de la revista \u00c0gora n\u00famero 31<br \/>Galeria d\u2019Art Pilar Riberaygua, Andorra La Vella . ad<br \/>2017<br \/>Exposici\u00f3 i subhasta Creu Roja Andorrana, Andorra La Vella . ad<br \/>2013<br \/>Galerie Klaus Braun, Stuttgart . de<br \/>2012<br \/>Petits formats &#8220;la rond du noir au blanc&#8221;<br \/>Galerie La Porte d\u2019Amont, Mirepoix . fr<br \/>2007<br \/>Petit format gran obra. Galerie Pilar Riberaygua, Andorra La Vella . ad<br \/>Charity exhibition and art auction of the Museum for Islamic Art in the<br \/>Pergamonmuseum, Berlin . de<br \/>Showdown at saatchi-gallery.co.uk\/showdown<br \/>2006<br \/>Galerie Walter Hellenthal, Berlin . de<br \/>2005<br \/>Berliner Enescu-Tage. Musik in den Werken rum\u00e4nischer K\u00fcnstler<br \/>Rum\u00e4nisches Kulturinstitut Titu Maiorescu, Berlin . de<br \/>2004<br \/>Monroe Center for the Arts Gallery, Hoboken . us<br \/>unicef Kunstauktion, Stilwerk Forum, Berlin . de<br \/>Jourrn\u00e9e Artistique, Cat\u2019Art, Sainte-Colombe-sur-l&#8217;Her . fr<br \/>HOME &#8211; Homeless, V illa Oppenheim, Berlin . de<br \/>(Supported by Senatsverwaltung f\u00fcr Wissenschaft, Forschung und Kultur)<br \/>2003<br \/>Nit D\u2019Art<br \/>Galerie d\u2019Art Pilar Riberaygua, Andorra La Vella . ad<br \/>Art &amp; Nature, Intervention Plastique<br \/>Symposion, Sainte-Colombe-sur-l&#8217;Her . fr<br \/>Exposition collective des artistes participants \u00e0 l\u2019intervention<br \/>Salle d\u2019exposition du centre d\u2019art<br \/>L\u2019lle, Sainte-Colombe-sur-l&#8217;Her . fr<br \/>2002<br \/>Homenatge a Pilar Riberaygua<br \/>Galeria Les Punxes, Barcelona . es<br \/>Homenatge a Pilar Riberaygua<br \/>Galeria d\u2019Art Pila Riberaygua, Andorra La Vella . ad<\/p>\n<p><img loading=\"lazy\" decoding=\"async\" class=\"alignleft  wp-image-1665\" src=\"http:\/\/www.paulinamihai.de\/wp-content\/uploads\/2019\/05\/Paulina-Mihai-Bundespr\u00e4sident-Roman-Herzog-Schlo\u00df-Bellevue.jpg\" alt=\"Paulina Mihai + Bundespr\u00e4sident Roman Herzog Schlo\u00df Bellevue\" width=\"485\" height=\"308\" srcset=\"http:\/\/www.paulinamihai.de\/wp-content\/uploads\/2019\/05\/Paulina-Mihai-Bundespr\u00e4sident-Roman-Herzog-Schlo\u00df-Bellevue.jpg 1499w, http:\/\/www.paulinamihai.de\/wp-content\/uploads\/2019\/05\/Paulina-Mihai-Bundespr\u00e4sident-Roman-Herzog-Schlo\u00df-Bellevue-300x190.jpg 300w, http:\/\/www.paulinamihai.de\/wp-content\/uploads\/2019\/05\/Paulina-Mihai-Bundespr\u00e4sident-Roman-Herzog-Schlo\u00df-Bellevue-768x487.jpg 768w, http:\/\/www.paulinamihai.de\/wp-content\/uploads\/2019\/05\/Paulina-Mihai-Bundespr\u00e4sident-Roman-Herzog-Schlo\u00df-Bellevue-1024x650.jpg 1024w\" sizes=\"auto, (max-width: 485px) 100vw, 485px\" \/><\/p>\n<p><span style=\"font-size: inherit;\">Paulina Mihai &amp; Bundespr\u00e4sident Roman Herzog<br \/>Schlo\u00df Bellevue, Berlin 1996<\/span><\/p>\n<p><img loading=\"lazy\" decoding=\"async\" class=\"alignnone  wp-image-46\" title=\"Photo: \u00a9 Paulina Mihai. Department of State, D\u00e9partement d'\u00c9tat, Ausw\u00e4rtiges Amt, Berlin 2002\" src=\"http:\/\/www.paulinamihai.de\/wp-content\/uploads\/2012\/06\/Aussenministerium.jpg\" alt=\"\" width=\"481\" height=\"447\" srcset=\"http:\/\/www.paulinamihai.de\/wp-content\/uploads\/2012\/06\/Aussenministerium.jpg 377w, http:\/\/www.paulinamihai.de\/wp-content\/uploads\/2012\/06\/Aussenministerium-300x278.jpg 300w\" sizes=\"auto, (max-width: 481px) 100vw, 481px\" \/><\/p>\n<p>2002<br \/>Ausw\u00e4rtiges Amt, Berlin . de<br \/>2001<br \/>Lacustre, Art et Nature,<br \/>Symposion, Lac de Montbel . fr<br \/>CAT\u2019ART, Sainte-Colombe-sur-l&#8217;Her . fr<br \/>2000<br \/>Ansichtssachen, Galerie im K\u00f6rnerpark, Berlin . de<br \/>1999<br \/>Lumi\u00e8re et Symbole, Le Centre Culturel Constantin Brancusi,<br \/>Montr\u00e9al .cd<br \/>Galerie im Parlament, Abgeordnetenhaus Berlin . de<br \/>Galeria Les Punxes, Barcelona . es<br \/>Galerie Klaus Braun, Stuttgart . de<br \/>Standortverwaltung Julius-Leber-Kaserne, Berlin . de<br \/>1998<br \/>The Painting Center Soho, New York . us.<br \/>Galeria Les Punxes, Barcelona . es<br \/>Studio bildende Kunst (Baumschulenweg), Berlin . de<br \/>CAT\u2019ART, Sainte-Colombe-sur-l&#8217;Her . fr<br \/>1997<br \/>Galerie Klaus Braun, Stuttgart . de<br \/>1996<br \/>Empty Rooms, Berlin . de<br \/>Raab Galerie, Berlin . de<br \/>1995<br \/>Mail-Art Festival Atlanta . us<br \/>1994<br \/>Petit Format Sobre Paper<br \/>Galeria Era Baur\u00f3, Andorra La Vella. ad<br \/>1993<br \/>Galerie Klaus Braun, Stuttgart . de<br \/>1992<br \/>Galeria Era Baur\u00f3 at Galerie Pestalozzi 23, Berlin . ad<\/p>\n<p><img loading=\"lazy\" decoding=\"async\" class=\"alignnone wp-image-1097\" title=\"1992, Galeria Era Bauro at Galerie Pestalozzi 23, Berlin, Germany\" src=\"http:\/\/www.paulinamihai.de\/wp-content\/uploads\/2015\/04\/1992-Galeria-Era-Bauro-at-Galerie-Pestalozzi-23.jpg\" alt=\"1992 Galeria Era Bauro at Galerie Pestalozzi 23\" width=\"250\" height=\"172\" srcset=\"http:\/\/www.paulinamihai.de\/wp-content\/uploads\/2015\/04\/1992-Galeria-Era-Bauro-at-Galerie-Pestalozzi-23.jpg 800w, http:\/\/www.paulinamihai.de\/wp-content\/uploads\/2015\/04\/1992-Galeria-Era-Bauro-at-Galerie-Pestalozzi-23-300x206.jpg 300w\" sizes=\"auto, (max-width: 250px) 100vw, 250px\" \/><\/p>\n<p>1990<br \/>Galerie Klaus Braun, Stuttgart . de<br \/>1988<br \/>Kulturforum, Villa Oppenheim, Berlin . de<br \/>1883-1995<br \/>Freie Berliner Kunstausstellung, Berlin . de<br \/>1986<br \/>Die F\u00fcnf Sinne, KunstQuartier, Berlin .<br \/>Romanian Artits in Occident<br \/>Hommage to Mircea Eliade, Los Angeles . us<br \/>1985<br \/>Galleria d&#8217;Arte Mazzini 3<br \/>Comune di Sant&#8217;Angelo in Lizzola<br \/>Biblioteca Comunale, Pesaro . it<br \/>(Supported by Senatsverwaltung f\u00fcr Kulturelle Angelegenheiten)<br \/>1984<br \/>Galerie auf Zeit, Berlin . de<br \/>1983<br \/>Galerie Mazzini 3, Pesaro . it<br \/>2. Jahresausstellung des BBK &#8211; Berlin, Mus\u00e9e d&#8217;art public Berlin . de<br \/>1982<br \/>K\u00fcnstlerhaus Wachsfabrik, K\u00f6ln . de<br \/>1981<br \/>Exposition de Tableau, Graphique et Sculpture<br \/>Mus\u00e9e d&#8217;art public Dalles, Bucarest . ro<br \/>Exposition de groupe, Tokio . jp<br \/>Exposition annuelle, Mus\u00e9e d&#8217;art public Dalles, Bucarest . ro<br \/>Salon automnal, Mus\u00e9e d&#8217;art public Dalles, Bucarest . ro<br \/>1980<br \/>Exposition de printemps, Mus\u00e9e d&#8217;art public Dalles, Bucarest . ro<br \/>Salon automnal, Mus\u00e9e d&#8217;art public Dalles, Bucarest . ro<br \/>1979<br \/>Colonie d&#8217;artistes Hajdub\u00f6szormeny . hu<br \/>Exposition de groupe, Budapest . hu<br \/>Concours Cagnes-sur-Mer . fr<br \/>1978<br \/>Concours Miro, Barcelona . es<br \/>1977<br \/>Mus\u00e9e Simu, Bucarest . ro<br \/>Exposition de groupe, Tg. Mures . ro<br \/>Grande Exposition, Bucarest . ro<br \/>Colonie d&#8217;artistes Medgidia . ro<br \/>Colonie d&#8217;artistes Pila-Plotki, Poznan . pl<br \/>1976<br \/>Le paysage, Galerie Orizont, Bucarest . ro<br \/>Nouvel art, Museum Atheneu, Bucarest . ro<br \/>Colonie d&#8217;artistes Klausenburg . ro<br \/>Exposition de Tableau et Sculpture<br \/>Mus\u00e9e d&#8217;art public Bucarest . ro<br \/>1975<br \/>Exposition de Tableau et Sculpture<br \/>Mus\u00e9e d&#8217;art public Bucarest . ro<br \/>Colonie d&#8217;artistes Hunedoara . ro<br \/>1974<br \/>Bienale, Mus\u00e9e Pitesti . ro<br \/>La Femme, Mus\u00e9e Simu, Bucarest . ro<br \/>1972<br \/>Exposition de Tableau, Graphique et Sculpture, Tulcea . ro<br \/>1971<br \/>Exposition de Galati . ro<br \/>1970<br \/>Salon automnal, Galati . ro<\/p>\n\n\n<p><\/p>\n","protected":false},"excerpt":{"rendered":"<p>Exhibitions (Solo). Expositions personnelles. Einzelausstellungen 2024Cat\u2019Art, Centre d&#8217;Art Contemporain, Sainte-Colombe-sur-l&#8217;Her . fr2019Cat&#8217;Art, Centre d&#8217;Art Contemporain \/ Pilar RiberayguaSainte Colombe sur l&#8217;Hers, France . fr2017Open Studio, Haus der Dorothea Konwiarz Stiftung, Berlin . de2016Open \u00a0Studio (Gallery Weekend), Berlin . de2012Galerie d\u2019Art &hellip; <a href=\"http:\/\/www.paulinamihai.de\/?page_id=32\">Continue reading <span class=\"meta-nav\">&rarr;<\/span><\/a><\/p>\n","protected":false},"author":1,"featured_media":0,"parent":19,"menu_order":3,"comment_status":"closed","ping_status":"closed","template":"onecolumn-page.php","meta":{"footnotes":""},"class_list":["post-32","page","type-page","status-publish","hentry"],"_links":{"self":[{"href":"http:\/\/www.paulinamihai.de\/index.php?rest_route=\/wp\/v2\/pages\/32","targetHints":{"allow":["GET"]}}],"collection":[{"href":"http:\/\/www.paulinamihai.de\/index.php?rest_route=\/wp\/v2\/pages"}],"about":[{"href":"http:\/\/www.paulinamihai.de\/index.php?rest_route=\/wp\/v2\/types\/page"}],"author":[{"embeddable":true,"href":"http:\/\/www.paulinamihai.de\/index.php?rest_route=\/wp\/v2\/users\/1"}],"replies":[{"embeddable":true,"href":"http:\/\/www.paulinamihai.de\/index.php?rest_route=%2Fwp%2Fv2%2Fcomments&post=32"}],"version-history":[{"count":82,"href":"http:\/\/www.paulinamihai.de\/index.php?rest_route=\/wp\/v2\/pages\/32\/revisions"}],"predecessor-version":[{"id":2043,"href":"http:\/\/www.paulinamihai.de\/index.php?rest_route=\/wp\/v2\/pages\/32\/revisions\/2043"}],"up":[{"embeddable":true,"href":"http:\/\/www.paulinamihai.de\/index.php?rest_route=\/wp\/v2\/pages\/19"}],"wp:attachment":[{"href":"http:\/\/www.paulinamihai.de\/index.php?rest_route=%2Fwp%2Fv2%2Fmedia&parent=32"}],"curies":[{"name":"wp","href":"https:\/\/api.w.org\/{rel}","templated":true}]}}