{"id":38,"date":"2012-06-14T15:04:51","date_gmt":"2012-06-14T13:04:51","guid":{"rendered":"http:\/\/www.paulinamihai.de\/?page_id=38"},"modified":"2020-10-12T18:10:48","modified_gmt":"2020-10-12T16:10:48","slug":"bibliography","status":"publish","type":"page","link":"http:\/\/www.paulinamihai.de\/?page_id=38","title":{"rendered":"Bibliography"},"content":{"rendered":"<p>Mihai inicia temporada a la Riberaygua<br \/>\nDiari d&#8217;Andorra<br \/>\n27 de setembre del 2012<br \/>\nZur Ausstellung: Galerie Pilar Riberaygua, Andorra La Vella, 2012<\/p>\n<p>La Riberaygua tastar\u00e0 la instal\u2022laci\u00f3 i promet una &#8220;performance&#8221;<br \/>\nel Peri\u00f2dic d\u2018Andorra<br \/>\n27 de setembre del 2012<br \/>\nZur Ausstellung: Galerie Pilar Riberaygua, Andorra La Vella, 2012<\/p>\n<p>Paulina Mihai inaugura la temporada expositiva a la galeria Pilar Riberaygua<br \/>\nBondia<br \/>\n27 de setembre del 2012<\/p>\n<p>Mihai exposa un recorregut per la seva traject\u00f2ria a la Galeria<br \/>\nPilar Riberaygua<br \/>\nDiarim\u00e9s Andorra, Divendres 10 de mar\u00e7 de 2009<\/p>\n<p>La pintora Paulina Mihai plasma la seva peculiar visi\u00f3 dels llacs de Berlin<br \/>\nBondia<br \/>\n19 de mar\u00e7 del 2009<br \/>\nZur Ausstellung: Galerie Pilar Riberaygua, Andorra La Vella, 2009<\/p>\n<p>La romanesa Paulina Mihai desplega \u2018Space on blue\u2019 a la sala Riberaygua<br \/>\nDiari d&#8217;Andorra<br \/>\n19 de mar\u00e7 del 2009<br \/>\nZur Ausstellung: Galerie Pilar Riberaygua, Andorra La Vella, 2009<\/p>\n<p>L\u2019abstracci\u00f3 que va venir del fred<br \/>\nel Peri\u00f2dic d\u2018Andorra<br \/>\n19 de mar\u00e7 del 2009<br \/>\nZur Ausstellung: Galerie Pilar Riberaygua, Andorra La Vella, 2009<\/p>\n<p>La romanesa Paulina Mihai exposa una instal\u2022laci\u00f3 a la<br \/>\nRiberaygua<br \/>\nDiari d&#8217;Andorra, Dijous, 19 de mar\u00e7 del 2009<\/p>\n<p>Paulina Mihai instal\u2022laci\u00f3 de l&#8217;artista romanesa, al voltant<br \/>\ndels paisatges lacustres de Berlin<br \/>\nDiari d&#8217;Andorra, Diumenge, 22 de mar\u00e7 del 2009<\/p>\n<p>Paulina Mihai instal\u2022laci\u00f3 de l&#8217;artista romanesa, al voltant<br \/>\ndels paisatges lacustres de Berlin<br \/>\nDiari d&#8217;Andorra, Dimarts, 24 de mar\u00e7 del 2009<\/p>\n<p><img loading=\"lazy\" decoding=\"async\" class=\"alignleft\" title=\"Ingrid Baltagescu &amp; Paul Baiersdorf Wege zwischen Rum\u00e4nien und Berlin Herausgeber: Der Beauftragte des Senats von Berlin f\u00fcr Integration und Migration. Berlin 2004. Cover (front) von Paulina Mihai\" src=\"http:\/\/www.paulinamihai.de\/wp-content\/uploads\/2012\/06\/BB01.jpg\" alt=\"\" width=\"157\" height=\"219\"><img loading=\"lazy\" decoding=\"async\" class=\"alignleft\" title=\"Ingrid Baltagescu &amp; Paul Baiersdorf Wege zwischen Rum\u00e4nien und Berlin Herausgeber: Der Beauftragte des Senats von Berlin f\u00fcr Integration und Migration. Berlin 2004. Cover (back) von Paulina Mihai\" src=\"http:\/\/www.paulinamihai.de\/wp-content\/uploads\/2012\/06\/BB02.jpg\" alt=\"\" width=\"157\" height=\"219\"><\/p>\n<p>&nbsp;<\/p>\n<p>&nbsp;<\/p>\n<p>&nbsp;<\/p>\n<p>&nbsp;<\/p>\n<p>&nbsp;<\/p>\n<p>Ingrid Baltagescu &amp; Paul Baiersdorf<br \/>\nWege zwischen Rum\u00e4nien und Berlin<br \/>\nHerausgeber: Der Beauftragte des Senats von Berlin f\u00fcr Integration<br \/>\nund Migration. Berlin 2004<br \/>\nCover von Paulina Mihai<\/p>\n<p>HOME &#8211; homeless<br \/>\nMappenwerk mit Arbeiten von 22 K\u00fcnstlerinnen, Auflage: 64 Exemplare<br \/>\nars amelia edition, Berlin &amp; Villa Openheim, Berlin 2004<br \/>\n(Supported by Senatsverwaltung f\u00fcr Wissenschaft, Forschung und Kultur)<\/p>\n<p><img loading=\"lazy\" decoding=\"async\" title=\"Art et Nature. Intervention plastique dans la rivi\u00e8re Hers. Ao\u00fbt 2003. CAT\u2019ART. Centre d\u2019Art Contemporain 2003\" src=\"http:\/\/www.paulinamihai.de\/wp-content\/uploads\/2012\/06\/artetnature.jpg\" alt=\"\" width=\"150\" height=\"220\"><\/p>\n<p>Art &amp; Nature, Intervention Plastique<br \/>\nDans Le Rivi\u00e8re Hers, France, Ao\u00fbt 2003<br \/>\nCatalogue, 70 p., 30&#215;21 cm<\/p>\n<p>Paulina Mihai Exposa a la Galeria Pilar Riberaygua pintura<br \/>\nabstracta<br \/>\nEl Peri\u00f2dic d&#8217;Andorra, 11 D&#8217;Abril del 2003<\/p>\n<p>Mihai exposa \u201cmetamorfosis del paisatge\u201d a la sala Riberaygua<br \/>\nDiari d&#8217;Andorra<br \/>\n15 d\u2019Abril de 2003<br \/>\nZur Ausstellung: Galerie Pilar Riberaygua, Andorra La Vella, 2003<\/p>\n<p>Paulina Mihai revela l\u2019orografia dels seus \u201cpaisatges interiors\u201d<br \/>\nel Peri\u00f2dic d\u2018Andorra<br \/>\n11 d\u2019Abril de 2003<br \/>\nZur Ausstellung: Galerie Pilar Riberaygua, Andorra La Vella, 2003<\/p>\n<p>Ruxandra Demetrescu<br \/>\nPaulina Mihai 2003<br \/>\nZur Ausstellung: Galerie Pilar Riberaygua, Andorra La Vella, 2003<\/p>\n<p>Quaranta obres en record de tota una vida<br \/>\nDiari d&#8217;Andorra<br \/>\n8 de novembre del 2002<br \/>\nZur Ausstellung: Galerie Pilar Riberaygua, Andorra La Vella<\/p>\n<p><img loading=\"lazy\" decoding=\"async\" title=\"Catalogue: Lacustre. Art et Nature Intervention plastique Lac de Montbel Ao\u00fbt 2001 CAT\u2019ART. Centre d\u2019Art Contemporain 2002\" src=\"http:\/\/www.paulinamihai.de\/wp-content\/uploads\/2012\/06\/lacustre.jpg\" alt=\"\" width=\"150\" height=\"220\"><\/p>\n<p>\u00c0lex Tena<br \/>\nPaulina Mihai: Salamandre<br \/>\nLacustre. Art et Nature. Intervention plastique<br \/>\nLac de Montbel. Ao\u00fbt 2001<br \/>\nCAT\u2019ART. Centre d\u2019Art Contemporain, 2002<br \/>\nKatalog<\/p>\n<p>Petra Lange<br \/>\nPolarisationen<br \/>\nPaulina Mihai &#8211; Malerei &amp; Vera Krickhahn &#8211; Skulpturen<br \/>\nZur Ausstellung im Rum\u00e4nischen Kulturinstitut mit der<br \/>\nGalerie Petra Lange, Berlin 2001<\/p>\n<p>Riberaygua convoca 12 artistes per crear al Llac de Montbel<br \/>\nel Peri\u00f2dic d\u2018Andorra, 21.10.2001<br \/>\nZu: Lacustre, Art et Nature, Symposion, Lac de Montbel, Frankreich<\/p>\n<p>Ruxandra Demetrescu<br \/>\nPaulina Mihai<br \/>\nwww.condat.de, 23.7.2001<br \/>\nZur Ausstellung: Condat-Galerie, Berlin<\/p>\n<p>Heike Welzel<br \/>\nPaulina Mihai &#8220;20 Jahre in Berlin&#8221;<br \/>\nwww.condat.de, 23.7.2001<br \/>\nZur Ausstellung: Condat-Galerie, Berlin<\/p>\n<p>Simone Schmelzle<br \/>\nVerschleiert: Doppelausstellung bei Braun<br \/>\nStuttgarter Zeitung, Nr. 139 vom 15.6.2000<br \/>\nZur Ausstellung: Galerie Klaus Braun, Stuttgart<\/p>\n<p>Michael Schlesinger<br \/>\nKultur im Grunewald: Rum\u00e4nien<br \/>\nDie Tageszeitung, Nr. 6117 vom 12.4.2000<br \/>\nZur Ausstellung: Rum\u00e4nisches Kulturinstitut, Berlin<\/p>\n<p>La \u201eidentitat perduda&#8221; de Paulina Mihai<br \/>\nDiari d&#8217;Andorra<br \/>\n5 de novembre de 1999<br \/>\nZur Ausstellung: Galerie Pilar Riberaygua, Andorra La Vella<\/p>\n<p>Paulina Mihai inaugura una exposici\u00f3 de quadres abstractes a la<br \/>\ngaleria Pilar Riberaygua<br \/>\nel Peri\u00f2dic d\u2018Andorra<br \/>\n5 de novembre de 1999<br \/>\nZur Ausstellung: Galerie Pilar Riberaygua, Andorra La Vella<\/p>\n<p>Gemma Cardona<br \/>\nPaulina Mihai mostra un gir estil\u00edstic a l\u2018exposici\u00f3 de la<br \/>\ngaleria Pilar Riberaygua<br \/>\nDiari d&#8217;Andorra<br \/>\n4 de novembre del 1999<br \/>\nZur Ausstellung: Galerie Pilar Riberaygua, Andorra La Vella<\/p>\n<p>Anne Losensky<br \/>\nFreispruch f\u00fcr die Malerin, die ihr Atelier abbrannte<br \/>\nBZ<br \/>\nNr. 163\/28, 16.7.1999<\/p>\n<p>Paulina Mihai i Miquel Lligadas exposen<br \/>\na la sala Era Baur\u00f3<br \/>\nPoble Andorr\u00e0<br \/>\n10 de maig de 1995<br \/>\nZur Ausstellung: Galerie Era Baur\u00f3, Andorra La Vella<\/p>\n<p>M.T. Blanco<br \/>\nPaulina Mihai transforma en art el llenguatge dels somnis<br \/>\nDiari d&#8217;Andorra<br \/>\n10 de maig de 1995<br \/>\nZur Ausstellung: Galerie Era Baur\u00f3, Andorra La Vella<\/p>\n<p>Ionel Jianou<br \/>\nPaulina Mihai, Pintures<br \/>\nText im Faltblatt: Galerie Era Baur\u00f3, Andorra La Vella 1995<\/p>\n<p><img loading=\"lazy\" decoding=\"async\" class=\"size-full wp-image-299 alignnone\" title=\"Katalog: Studio bildende Kunst, Berlin 1995, 24 p, 21x22cm, 10 Ill.\" src=\"http:\/\/www.paulinamihai.de\/wp-content\/uploads\/2012\/06\/katalog02.jpg\" alt=\"\" width=\"191\" height=\"182\"><\/p>\n<p>Jochen Lingnau<br \/>\nKatalog zur Ausstellung:<br \/>\nStudio bildende Kunst (Baumschulenweg), Berlin 1995<\/p>\n<p>Michael Glasmeier<br \/>\nEr\u00f6ffnungsvortrag zur Ausstellung in der Galerie im PTZ,<br \/>\nProduktionstechnisches Zentrum, Berlin 1994<\/p>\n<p>Jochen Lingnau<br \/>\nText im Faltblatt zur Ausstellung in der Galerie im PTZ,<br \/>\nProduktionstechnisches Zentrum, Berlin 1994<\/p>\n<p>Les paysages abstraits de Paulina Mihai<br \/>\nMidi Libre, N\u00b0 17.887, 16 septembre 1994<br \/>\nZur Ausstellung in: La Maison du Chevalier<br \/>\nCentre Regional Art\/Culture\/Communication<br \/>\nLanguedoc Roussillon, Carcassonne, Frankreich<\/p>\n<p>Peintures \u00e0 la Maison du chevalier<br \/>\nL&#8217;Ind\u00e9pendant, N\u00b0 222, 15 septembre 1994<br \/>\nZur Ausstellung in: La Maison du Chevalier<br \/>\nCentre Regional Art\/Culture\/Communication<br \/>\nLanguedoc Roussillon, Carcassonne, Frankreich<\/p>\n<p>La Roumanie \u00e0 Carcassonne<br \/>\nLa D\u00e9p\u00eache du Midi, N\u00b0 16.790, 15 septembre 1994<br \/>\nZur Ausstellung in: La Maison du Chevalier<br \/>\nCentre Regional Art\/Culture\/Communication<br \/>\nLanguedoc Roussillon, Carcassonne, Frankreich<\/p>\n<p>Jochen Lingnau<br \/>\nPaulina Mihai, Arbeiten 1994<br \/>\nText zur Ausstellung in der Galerie stil und bruch, Berlin 1994<br \/>\n(Mit Unterst\u00fctzung der Senatsverwaltung f\u00fcr Kulturelle Angelegenheiten.<br \/>\nAG Kulturelle Aktivit\u00e4ten von Frauen)<\/p>\n<p>Jochen Lingnau<br \/>\nPaulina Mihai, Works 1992<br \/>\nText zur Ausstellung der Galerie Era Baur\u00f3, Andorra La Vella in der Galerie Pestalozzi 23, Berlin 1992<\/p>\n<p>Jochen Lingnau<br \/>\nPaulina Mihai, Works 1990<br \/>\nText zur Ausstellung in der Galerie Klaus Braun, Stuttgart 1990<\/p>\n<p><img loading=\"lazy\" decoding=\"async\" class=\"alignnone size-full wp-image-303\" title=\"Katalog: Istanbul 1988, 8 p  30x21cm, 6 Ill.\" src=\"http:\/\/www.paulinamihai.de\/wp-content\/uploads\/2012\/06\/katalog01.jpg\" alt=\"\" width=\"153\" height=\"217\"><\/p>\n<p>Jochen Lingnau<br \/>\nPaulina Mihai, Bilder 1988<br \/>\nKatalogtext, Berlin 1988<\/p>\n<p><img loading=\"lazy\" decoding=\"async\" class=\"alignnone size-full wp-image-306\" title=\"Ionel Jianou Les Artistes Roumains en Occident. Anthologie r\u00e9dig\u00e9e par Ionel Jianou, Gabriela Carp, Ana Maria Covrig, Lionel Scant\u00e9y\u00e9 Los Angeles, American Romanian Academy of Arts and Sciences 1986, 190 p  29x22cm\" src=\"http:\/\/www.paulinamihai.de\/wp-content\/uploads\/2012\/06\/occident.jpg\" alt=\"\" width=\"220\" height=\"298\"><\/p>\n<p>Ionel Jianou<br \/>\nLes Artistes Roumains en Occident.<br \/>\nAnthologie r\u00e9dig\u00e9e par Ionel Jianou,<br \/>\nGabriela Carp, Ana Maria Covrig, Lionel Scant\u00e9y\u00e9<br \/>\nLos Angeles, American Romanian Academy of Arts and Sciences 1986<\/p>\n<p>Jochen Lingnau<br \/>\nPaulina Mihai, Arbeiten von 1984 bis 1985<br \/>\nBrosch\u00fcre zur Austellung in der DIN Galerie, Berlin 1985<\/p>\n<p>Ferruccio Marchetti<br \/>\nPaulina Mihai, Javis Lauva, Paula Schmidt<br \/>\nBrosch\u00fcre zur Ausstellung in in der Galleria d&#8217;Arte Mazzini 3 \/ Comune di<br \/>\nSant&#8217;Angelo in Lizzola, Biblioteca Comunale 1985<br \/>\n(Mit Unterst\u00fctzung der Senatsverwaltung f\u00fcr Kulturelle Angelegenheiten)<\/p>\n<p><img loading=\"lazy\" decoding=\"async\" class=\" wp-image-294 alignleft\" title=\"Katalog zur Ausstellung im Schering Kunstverein Berlin 1984, 6 S., 29,5x10,5cm, 6 S\/W Abb.\" src=\"http:\/\/www.paulinamihai.de\/wp-content\/uploads\/2012\/06\/katalog03.jpg\" alt=\"\" width=\"89\" height=\"259\">Olav M\u00fcnzberg<br \/>\nDie Landschaften der Paulina Mihai<br \/>\nKatalog zur Ausstellung im Schering Kunstverein<br \/>\nBerlin 1984, 6 S., 29,5&#215;10,5cm, 6 S\/W Abb.<\/p>\n<p>Olav M\u00fcnzberg<br \/>\nDie Torsi derPaulina Mihai<br \/>\nKatalog zur Ausstellung im Schering Kunstverein<br \/>\nBerlin 1984, 6 S., 29,5&#215;10,5cm, 6 S\/W Abb.<\/p>\n<p>&nbsp;<\/p>\n<p>Olav M\u00fcnzberg<br \/>\nZwischen Abstraktion und Erinnerung<br \/>\nZur Ausstellung in der Galerie Nalepa, Berlin 1984<\/p>\n<p>Peter Schiller<br \/>\nPaulina Mihai<br \/>\nText zur Ausstellung Galerie Ars Viva (Freiraum), Berlin 1981<\/p>\n<p>Mihai Driscu<br \/>\nPaulina Mihai<br \/>\nBrosch\u00fcre zur Ausstellung in der L&#8217;accademia di Romania in Roma<br \/>\nItalien 1981<\/p>\n<p>Fran\u00e7ois Pamfil<br \/>\nPaulina Mihai<br \/>\nKatalog zur Ausstellung in der Galerie Simeza, Bukarest, Rum\u00e4nien 1979<\/p>\n<p>Grigore Arbore<br \/>\nRitmul materiei<br \/>\nText in der Zeitschrift&nbsp; L4, 1979<\/p>\n<p>Katalogtext zur Ausstellung in der internationalen<br \/>\nK\u00fcnstlerkolonie Pila-Plotki,<br \/>\nPoznan, Polen 1977<\/p>\n<p>Cristina Angelescu<br \/>\nPaulina Mihai&#8230; pictura , guasa<br \/>\nText in der Zeitschrift Romania literara , 1975<\/p>\n<p>Virgil Mocanu<br \/>\nCazul Paulina Mihai<br \/>\nText in der Zeitschrift Romonia literara , 1975<\/p>\n<p>Constantin Prut<br \/>\nPaulina Mihai<br \/>\nKatalog zur Ausstellung in der Galerie Simeza, Bukarest, Rum\u00e4nien 1975<\/p>\n","protected":false},"excerpt":{"rendered":"<p>Mihai inicia temporada a la Riberaygua Diari d&#8217;Andorra 27 de setembre del 2012 Zur Ausstellung: Galerie Pilar Riberaygua, Andorra La Vella, 2012 La Riberaygua tastar\u00e0 la instal\u2022laci\u00f3 i promet una &#8220;performance&#8221; el Peri\u00f2dic d\u2018Andorra 27 de setembre del 2012 Zur &hellip; <a href=\"http:\/\/www.paulinamihai.de\/?page_id=38\">Continue reading <span class=\"meta-nav\">&rarr;<\/span><\/a><\/p>\n","protected":false},"author":1,"featured_media":0,"parent":0,"menu_order":80,"comment_status":"closed","ping_status":"closed","template":"onecolumn-page.php","meta":{"footnotes":""},"class_list":["post-38","page","type-page","status-publish","hentry"],"_links":{"self":[{"href":"http:\/\/www.paulinamihai.de\/index.php?rest_route=\/wp\/v2\/pages\/38","targetHints":{"allow":["GET"]}}],"collection":[{"href":"http:\/\/www.paulinamihai.de\/index.php?rest_route=\/wp\/v2\/pages"}],"about":[{"href":"http:\/\/www.paulinamihai.de\/index.php?rest_route=\/wp\/v2\/types\/page"}],"author":[{"embeddable":true,"href":"http:\/\/www.paulinamihai.de\/index.php?rest_route=\/wp\/v2\/users\/1"}],"replies":[{"embeddable":true,"href":"http:\/\/www.paulinamihai.de\/index.php?rest_route=%2Fwp%2Fv2%2Fcomments&post=38"}],"version-history":[{"count":32,"href":"http:\/\/www.paulinamihai.de\/index.php?rest_route=\/wp\/v2\/pages\/38\/revisions"}],"predecessor-version":[{"id":1782,"href":"http:\/\/www.paulinamihai.de\/index.php?rest_route=\/wp\/v2\/pages\/38\/revisions\/1782"}],"wp:attachment":[{"href":"http:\/\/www.paulinamihai.de\/index.php?rest_route=%2Fwp%2Fv2%2Fmedia&parent=38"}],"curies":[{"name":"wp","href":"https:\/\/api.w.org\/{rel}","templated":true}]}}